{"id":10,"date":"2022-11-21T15:35:47","date_gmt":"2022-11-21T14:35:47","guid":{"rendered":"https:\/\/www.ccarre-espacesverts.fr\/?page_id=10"},"modified":"2026-02-09T13:38:39","modified_gmt":"2026-02-09T12:38:39","slug":"nos-services","status":"publish","type":"page","link":"https:\/\/www.ccarre-espacesverts.fr\/index.php\/nos-services\/","title":{"rendered":"Nos Services"},"content":{"rendered":"\t\t<div data-elementor-type=\"wp-page\" data-elementor-id=\"10\" class=\"elementor elementor-10\">\n\t\t\t\t\t\t<section class=\"elementor-section elementor-top-section elementor-element elementor-element-b0ba67b elementor-section-boxed elementor-section-height-default elementor-section-height-default\" data-id=\"b0ba67b\" data-element_type=\"section\" data-e-type=\"section\">\n\t\t\t\t\t\t<div class=\"elementor-container elementor-column-gap-default\">\n\t\t\t\t\t<div class=\"elementor-column elementor-col-100 elementor-top-column elementor-element elementor-element-7f538f3\" data-id=\"7f538f3\" data-element_type=\"column\" data-e-type=\"column\">\n\t\t\t<div class=\"elementor-widget-wrap elementor-element-populated\">\n\t\t\t\t\t\t<div class=\"elementor-element elementor-element-b66b84e elementor-widget elementor-widget-heading\" data-id=\"b66b84e\" data-element_type=\"widget\" data-e-type=\"widget\" data-widget_type=\"heading.default\">\n\t\t\t\t<div class=\"elementor-widget-container\">\n\t\t\t\t\t<h1 class=\"elementor-heading-title elementor-size-default\">Nos services<\/h1>\t\t\t\t<\/div>\n\t\t\t\t<\/div>\n\t\t\t\t\t<\/div>\n\t\t<\/div>\n\t\t\t\t\t<\/div>\n\t\t<\/section>\n\t\t\t\t<section class=\"elementor-section elementor-top-section elementor-element elementor-element-5de731a elementor-section-boxed elementor-section-height-default elementor-section-height-default\" data-id=\"5de731a\" data-element_type=\"section\" data-e-type=\"section\">\n\t\t\t\t\t\t<div class=\"elementor-container elementor-column-gap-default\">\n\t\t\t\t\t<div class=\"elementor-column elementor-col-100 elementor-top-column elementor-element elementor-element-2f62fb6\" data-id=\"2f62fb6\" data-element_type=\"column\" data-e-type=\"column\">\n\t\t\t<div class=\"elementor-widget-wrap elementor-element-populated\">\n\t\t\t\t\t\t<div class=\"elementor-element elementor-element-4a4c74d elementor-widget elementor-widget-heading\" data-id=\"4a4c74d\" data-element_type=\"widget\" data-e-type=\"widget\" data-widget_type=\"heading.default\">\n\t\t\t\t<div class=\"elementor-widget-container\">\n\t\t\t\t\t<h2 class=\"elementor-heading-title elementor-size-default\">C Carr\u00e9, paysagiste en Normandie, propose une gamme compl\u00e8te de services d\u2019am\u00e9nagement ext\u00e9rieur et d\u2019entretien d\u2019espaces verts.\nChaque prestation est r\u00e9alis\u00e9e sur mesure, avec une approche professionnelle, fiable et durable.<\/h2>\t\t\t\t<\/div>\n\t\t\t\t<\/div>\n\t\t\t\t\t<\/div>\n\t\t<\/div>\n\t\t\t\t\t<\/div>\n\t\t<\/section>\n\t\t\t\t<section class=\"elementor-section elementor-top-section elementor-element elementor-element-413c904 elementor-section-boxed elementor-section-height-default elementor-section-height-default\" data-id=\"413c904\" data-element_type=\"section\" data-e-type=\"section\">\n\t\t\t\t\t\t<div class=\"elementor-container elementor-column-gap-default\">\n\t\t\t\t\t<div class=\"elementor-column elementor-col-100 elementor-top-column elementor-element elementor-element-c910dae\" data-id=\"c910dae\" data-element_type=\"column\" data-e-type=\"column\">\n\t\t\t<div class=\"elementor-widget-wrap elementor-element-populated\">\n\t\t\t\t\t\t<div class=\"elementor-element elementor-element-2b9da95 elementor-widget elementor-widget-text-editor\" data-id=\"2b9da95\" data-element_type=\"widget\" data-e-type=\"widget\" data-widget_type=\"text-editor.default\">\n\t\t\t\t<div class=\"elementor-widget-container\">\n\t\t\t\t\t\t\t\t\t<p>De l\u2019entretien r\u00e9gulier des espaces verts \u00e0 la cr\u00e9ation paysag\u00e8re, en passant par les am\u00e9nagements ext\u00e9rieurs et les travaux sp\u00e9cifiques, nous accompagnons nos clients \u00e0 chaque \u00e9tape de leur projet.<br data-start=\"863\" data-end=\"866\" \/>Notre objectif est de proposer des <strong data-start=\"901\" data-end=\"972\">solutions efficaces, esth\u00e9tiques et adapt\u00e9es \u00e0 chaque environnement<\/strong>.<\/p>\t\t\t\t\t\t\t\t<\/div>\n\t\t\t\t<\/div>\n\t\t\t\t\t<\/div>\n\t\t<\/div>\n\t\t\t\t\t<\/div>\n\t\t<\/section>\n\t\t\t\t<section class=\"elementor-section elementor-top-section elementor-element elementor-element-9729f31 elementor-section-boxed elementor-section-height-default elementor-section-height-default\" data-id=\"9729f31\" data-element_type=\"section\" data-e-type=\"section\">\n\t\t\t\t\t\t<div class=\"elementor-container elementor-column-gap-default\">\n\t\t\t\t\t<div class=\"elementor-column elementor-col-100 elementor-top-column elementor-element elementor-element-e187437\" data-id=\"e187437\" data-element_type=\"column\" data-e-type=\"column\">\n\t\t\t<div class=\"elementor-widget-wrap elementor-element-populated\">\n\t\t\t\t\t\t<div class=\"elementor-element elementor-element-5601942 elementor-widget elementor-widget-heading\" data-id=\"5601942\" data-element_type=\"widget\" data-e-type=\"widget\" data-widget_type=\"heading.default\">\n\t\t\t\t<div class=\"elementor-widget-container\">\n\t\t\t\t\t<h2 class=\"elementor-heading-title elementor-size-default\">\ud83e\uddfe Nos prestations en d\u00e9tail<\/h2>\t\t\t\t<\/div>\n\t\t\t\t<\/div>\n\t\t\t\t\t<\/div>\n\t\t<\/div>\n\t\t\t\t\t<\/div>\n\t\t<\/section>\n\t\t\t\t<section class=\"elementor-section elementor-top-section elementor-element elementor-element-6c7900c elementor-section-boxed elementor-section-height-default elementor-section-height-default\" data-id=\"6c7900c\" data-element_type=\"section\" data-e-type=\"section\">\n\t\t\t\t\t\t<div class=\"elementor-container elementor-column-gap-default\">\n\t\t\t\t\t<div class=\"elementor-column elementor-col-33 elementor-top-column elementor-element elementor-element-f0bee56\" data-id=\"f0bee56\" data-element_type=\"column\" data-e-type=\"column\">\n\t\t\t<div class=\"elementor-widget-wrap elementor-element-populated\">\n\t\t\t\t\t\t<div class=\"elementor-element elementor-element-a2753e5 elementor-widget elementor-widget-heading\" data-id=\"a2753e5\" data-element_type=\"widget\" data-e-type=\"widget\" data-widget_type=\"heading.default\">\n\t\t\t\t<div class=\"elementor-widget-container\">\n\t\t\t\t\t<h2 class=\"elementor-heading-title elementor-size-default\"><a href=\"https:\/\/www.ccarre-espacesverts.fr\/index.php\/contrats-entretien-annuel\/\">\ud83c\udf31 Contrats d\u2019entretien annuel<\/a><\/h2>\t\t\t\t<\/div>\n\t\t\t\t<\/div>\n\t\t\t\t<div class=\"elementor-element elementor-element-e8c5a8e elementor-widget elementor-widget-image\" data-id=\"e8c5a8e\" data-element_type=\"widget\" data-e-type=\"widget\" data-widget_type=\"image.default\">\n\t\t\t\t<div class=\"elementor-widget-container\">\n\t\t\t\t\t\t\t\t\t\t\t\t\t\t\t\t<a href=\"https:\/\/www.ccarre-espacesverts.fr\/index.php\/contrats-entretien-annuel\/\">\n\t\t\t\t\t\t\t<img decoding=\"async\" src=\"https:\/\/www.ccarre-espacesverts.fr\/wp-content\/uploads\/elementor\/thumbs\/tracteur-riwfd8nytqwvwoeo2xhcmlsc2cygszgp2vpjakf14g.jpg\" title=\"tracteur\" alt=\"Tonte sur Flers\" loading=\"lazy\" \/>\t\t\t\t\t\t\t\t<\/a>\n\t\t\t\t\t\t\t\t\t\t\t\t\t\t\t<\/div>\n\t\t\t\t<\/div>\n\t\t\t\t<div class=\"elementor-element elementor-element-fdb56b2 elementor-widget elementor-widget-text-editor\" data-id=\"fdb56b2\" data-element_type=\"widget\" data-e-type=\"widget\" data-widget_type=\"text-editor.default\">\n\t\t\t\t<div class=\"elementor-widget-container\">\n\t\t\t\t\t\t\t\t\t<p><a href=\"https:\/\/www.ccarre-espacesverts.fr\/index.php\/contrats-entretien-annuel\/\">Entretien r\u00e9gulier et planifi\u00e9 des espaces verts pour garantir des ext\u00e9rieurs propres, soign\u00e9s et entretenus toute l\u2019ann\u00e9e.<\/a><\/p>\t\t\t\t\t\t\t\t<\/div>\n\t\t\t\t<\/div>\n\t\t\t\t\t<\/div>\n\t\t<\/div>\n\t\t\t\t<div class=\"elementor-column elementor-col-33 elementor-top-column elementor-element elementor-element-725e8c7\" data-id=\"725e8c7\" data-element_type=\"column\" data-e-type=\"column\">\n\t\t\t<div class=\"elementor-widget-wrap elementor-element-populated\">\n\t\t\t\t\t\t<div class=\"elementor-element elementor-element-84cf4dc elementor-widget elementor-widget-heading\" data-id=\"84cf4dc\" data-element_type=\"widget\" data-e-type=\"widget\" data-widget_type=\"heading.default\">\n\t\t\t\t<div class=\"elementor-widget-container\">\n\t\t\t\t\t<h2 class=\"elementor-heading-title elementor-size-default\"><a href=\"https:\/\/www.ccarre-espacesverts.fr\/index.php\/entretien-des-espaces-verts\/\">\ud83c\udf3fEntretien des espaces verts<\/a><\/h2>\t\t\t\t<\/div>\n\t\t\t\t<\/div>\n\t\t\t\t<div class=\"elementor-element elementor-element-d2559e7 elementor-widget elementor-widget-image\" data-id=\"d2559e7\" data-element_type=\"widget\" data-e-type=\"widget\" data-widget_type=\"image.default\">\n\t\t\t\t<div class=\"elementor-widget-container\">\n\t\t\t\t\t\t\t\t\t\t\t\t\t\t\t\t<a href=\"https:\/\/www.ccarre-espacesverts.fr\/index.php\/entretien-des-espaces-verts\/\">\n\t\t\t\t\t\t\t<img decoding=\"async\" src=\"https:\/\/www.ccarre-espacesverts.fr\/wp-content\/uploads\/elementor\/thumbs\/rabattage-de-haie-pres-de-flers-riw531w78o5jha4jpwwtn0r1tdkfcbuc6mbd5harn4.jpg\" title=\"rabattage de haie pr\u00e8s de flers\" alt=\"rabattage de haie pr\u00e8s de flers\" loading=\"lazy\" \/>\t\t\t\t\t\t\t\t<\/a>\n\t\t\t\t\t\t\t\t\t\t\t\t\t\t\t<\/div>\n\t\t\t\t<\/div>\n\t\t\t\t<div class=\"elementor-element elementor-element-b12cc33 elementor-widget elementor-widget-text-editor\" data-id=\"b12cc33\" data-element_type=\"widget\" data-e-type=\"widget\" data-widget_type=\"text-editor.default\">\n\t\t\t\t<div class=\"elementor-widget-container\">\n\t\t\t\t\t\t\t\t\t<p><a href=\"https:\/\/www.ccarre-espacesverts.fr\/index.php\/entretien-des-espaces-verts\/\">Tonte, taille, d\u00e9broussaillage et entretien courant des jardins et espaces ext\u00e9rieurs.<\/a><\/p>\t\t\t\t\t\t\t\t<\/div>\n\t\t\t\t<\/div>\n\t\t\t\t\t<\/div>\n\t\t<\/div>\n\t\t\t\t<div class=\"elementor-column elementor-col-33 elementor-top-column elementor-element elementor-element-d6460f8\" data-id=\"d6460f8\" data-element_type=\"column\" data-e-type=\"column\">\n\t\t\t<div class=\"elementor-widget-wrap elementor-element-populated\">\n\t\t\t\t\t\t<div class=\"elementor-element elementor-element-7b23c46 elementor-widget elementor-widget-heading\" data-id=\"7b23c46\" data-element_type=\"widget\" data-e-type=\"widget\" data-widget_type=\"heading.default\">\n\t\t\t\t<div class=\"elementor-widget-container\">\n\t\t\t\t\t<h2 class=\"elementor-heading-title elementor-size-default\"><a href=\"https:\/\/www.ccarre-espacesverts.fr\/index.php\/creation\/\">\ud83c\udf33 Cr\u00e9ation paysag\u00e8re<\/a><\/h2>\t\t\t\t<\/div>\n\t\t\t\t<\/div>\n\t\t\t\t<div class=\"elementor-element elementor-element-3bc6e4d elementor-widget elementor-widget-image\" data-id=\"3bc6e4d\" data-element_type=\"widget\" data-e-type=\"widget\" data-widget_type=\"image.default\">\n\t\t\t\t<div class=\"elementor-widget-container\">\n\t\t\t\t\t\t\t\t\t\t\t\t\t\t\t\t<a href=\"https:\/\/www.ccarre-espacesverts.fr\/index.php\/creation\/\">\n\t\t\t\t\t\t\t<img decoding=\"async\" src=\"https:\/\/www.ccarre-espacesverts.fr\/wp-content\/uploads\/elementor\/thumbs\/Terassement-Flers-1-riw538h2kiejqjuznhr7mh39z2nzu7kgjivrif10fk.jpg\" title=\"Screenshot\" alt=\"Screenshot\" loading=\"lazy\" \/>\t\t\t\t\t\t\t\t<\/a>\n\t\t\t\t\t\t\t\t\t\t\t\t\t\t\t<\/div>\n\t\t\t\t<\/div>\n\t\t\t\t<div class=\"elementor-element elementor-element-100f606 elementor-widget elementor-widget-text-editor\" data-id=\"100f606\" data-element_type=\"widget\" data-e-type=\"widget\" data-widget_type=\"text-editor.default\">\n\t\t\t\t<div class=\"elementor-widget-container\">\n\t\t\t\t\t\t\t\t\t<p><a href=\"https:\/\/www.ccarre-espacesverts.fr\/index.php\/creation\/\">Conception et r\u00e9alisation de jardins paysagers sur mesure, adapt\u00e9s \u00e0 votre terrain et \u00e0 vos usages.<\/a><\/p>\t\t\t\t\t\t\t\t<\/div>\n\t\t\t\t<\/div>\n\t\t\t\t\t<\/div>\n\t\t<\/div>\n\t\t\t\t\t<\/div>\n\t\t<\/section>\n\t\t\t\t<section class=\"elementor-section elementor-top-section elementor-element elementor-element-d92ef7a elementor-section-boxed elementor-section-height-default elementor-section-height-default\" data-id=\"d92ef7a\" data-element_type=\"section\" data-e-type=\"section\">\n\t\t\t\t\t\t<div class=\"elementor-container elementor-column-gap-default\">\n\t\t\t\t\t<div class=\"elementor-column elementor-col-33 elementor-top-column elementor-element elementor-element-8d3161b\" data-id=\"8d3161b\" data-element_type=\"column\" data-e-type=\"column\">\n\t\t\t<div class=\"elementor-widget-wrap elementor-element-populated\">\n\t\t\t\t\t\t<div class=\"elementor-element elementor-element-e9b351b elementor-widget elementor-widget-heading\" data-id=\"e9b351b\" data-element_type=\"widget\" data-e-type=\"widget\" data-widget_type=\"heading.default\">\n\t\t\t\t<div class=\"elementor-widget-container\">\n\t\t\t\t\t<h2 class=\"elementor-heading-title elementor-size-default\"><a href=\"https:\/\/www.ccarre-espacesverts.fr\/index.php\/allees-amenagements\/\">\ud83e\uddf1 All\u00e9es &amp; am\u00e9nagements<\/a><\/h2>\t\t\t\t<\/div>\n\t\t\t\t<\/div>\n\t\t\t\t<div class=\"elementor-element elementor-element-8f9da62 elementor-widget elementor-widget-image\" data-id=\"8f9da62\" data-element_type=\"widget\" data-e-type=\"widget\" data-widget_type=\"image.default\">\n\t\t\t\t<div class=\"elementor-widget-container\">\n\t\t\t\t\t\t\t\t\t\t\t\t\t\t\t\t<a href=\"https:\/\/www.ccarre-espacesverts.fr\/index.php\/allees-amenagements\/\">\n\t\t\t\t\t\t\t<img decoding=\"async\" src=\"https:\/\/www.ccarre-espacesverts.fr\/wp-content\/uploads\/elementor\/thumbs\/allee-ripjfhyf0i8uevjn588s1hgo3csx35vxkk5r4kpchc.jpg\" title=\"all\u00e9e\" alt=\"Cr\u00e9ation d&quot;all\u00e9e \u00e0 Sourdeval\" loading=\"lazy\" \/>\t\t\t\t\t\t\t\t<\/a>\n\t\t\t\t\t\t\t\t\t\t\t\t\t\t\t<\/div>\n\t\t\t\t<\/div>\n\t\t\t\t<div class=\"elementor-element elementor-element-b23a0fe elementor-widget elementor-widget-text-editor\" data-id=\"b23a0fe\" data-element_type=\"widget\" data-e-type=\"widget\" data-widget_type=\"text-editor.default\">\n\t\t\t\t<div class=\"elementor-widget-container\">\n\t\t\t\t\t\t\t\t\t<p><a href=\"https:\/\/www.ccarre-espacesverts.fr\/index.php\/allees-amenagements\/\">Cr\u00e9ation d\u2019all\u00e9es, acc\u00e8s et am\u00e9nagements ext\u00e9rieurs fonctionnels et durables.<\/a><\/p>\t\t\t\t\t\t\t\t<\/div>\n\t\t\t\t<\/div>\n\t\t\t\t\t<\/div>\n\t\t<\/div>\n\t\t\t\t<div class=\"elementor-column elementor-col-33 elementor-top-column elementor-element elementor-element-8c9c8ea\" data-id=\"8c9c8ea\" data-element_type=\"column\" data-e-type=\"column\">\n\t\t\t<div class=\"elementor-widget-wrap elementor-element-populated\">\n\t\t\t\t\t\t<div class=\"elementor-element elementor-element-425c270 elementor-widget elementor-widget-heading\" data-id=\"425c270\" data-element_type=\"widget\" data-e-type=\"widget\" data-widget_type=\"heading.default\">\n\t\t\t\t<div class=\"elementor-widget-container\">\n\t\t\t\t\t<h2 class=\"elementor-heading-title elementor-size-default\"><a href=\"https:\/\/www.ccarre-espacesverts.fr\/index.php\/clotures-portails\/\">\ud83d\udd12 Cl\u00f4tures &amp; portails<\/a><\/h2>\t\t\t\t<\/div>\n\t\t\t\t<\/div>\n\t\t\t\t<div class=\"elementor-element elementor-element-576bd7c elementor-widget elementor-widget-image\" data-id=\"576bd7c\" data-element_type=\"widget\" data-e-type=\"widget\" data-widget_type=\"image.default\">\n\t\t\t\t<div class=\"elementor-widget-container\">\n\t\t\t\t\t\t\t\t\t\t\t\t\t\t\t\t<a href=\"https:\/\/www.ccarre-espacesverts.fr\/index.php\/clotures-portails\/\">\n\t\t\t\t\t\t\t<img decoding=\"async\" src=\"https:\/\/www.ccarre-espacesverts.fr\/wp-content\/uploads\/elementor\/thumbs\/Pose-de-cloture-pres-de-Vire-riw52udhpzv8wefgxtnt32nd2alhmr0hhl3hb9lx0w.jpg\" title=\"Pose de cl\u00f4ture pr\u00e8s de Vire\" alt=\"Pose de cl\u00f4ture pr\u00e8s de Flers\" loading=\"lazy\" \/>\t\t\t\t\t\t\t\t<\/a>\n\t\t\t\t\t\t\t\t\t\t\t\t\t\t\t<\/div>\n\t\t\t\t<\/div>\n\t\t\t\t<div class=\"elementor-element elementor-element-af70bb6 elementor-widget elementor-widget-text-editor\" data-id=\"af70bb6\" data-element_type=\"widget\" data-e-type=\"widget\" data-widget_type=\"text-editor.default\">\n\t\t\t\t<div class=\"elementor-widget-container\">\n\t\t\t\t\t\t\t\t\t<p><a href=\"https:\/\/www.ccarre-espacesverts.fr\/index.php\/clotures-portails\/\">Pose de cl\u00f4tures rigides, souples ou composites, et installation de portails pour s\u00e9curiser et structurer vos ext\u00e9rieurs.<\/a><\/p>\t\t\t\t\t\t\t\t<\/div>\n\t\t\t\t<\/div>\n\t\t\t\t\t<\/div>\n\t\t<\/div>\n\t\t\t\t<div class=\"elementor-column elementor-col-33 elementor-top-column elementor-element elementor-element-2832bfa\" data-id=\"2832bfa\" data-element_type=\"column\" data-e-type=\"column\">\n\t\t\t<div class=\"elementor-widget-wrap elementor-element-populated\">\n\t\t\t\t\t\t<div class=\"elementor-element elementor-element-b690278 elementor-widget elementor-widget-heading\" data-id=\"b690278\" data-element_type=\"widget\" data-e-type=\"widget\" data-widget_type=\"heading.default\">\n\t\t\t\t<div class=\"elementor-widget-container\">\n\t\t\t\t\t<h2 class=\"elementor-heading-title elementor-size-default\"><a href=\"https:\/\/www.ccarre-espacesverts.fr\/index.php\/elagage-taille\/\">\ud83c\udf32 \u00c9lagage &amp; taille raisonn\u00e9e<\/a><\/h2>\t\t\t\t<\/div>\n\t\t\t\t<\/div>\n\t\t\t\t<div class=\"elementor-element elementor-element-43fbfc6 elementor-widget elementor-widget-image\" data-id=\"43fbfc6\" data-element_type=\"widget\" data-e-type=\"widget\" data-widget_type=\"image.default\">\n\t\t\t\t<div class=\"elementor-widget-container\">\n\t\t\t\t\t\t\t\t\t\t\t\t\t\t\t\t<a href=\"https:\/\/www.ccarre-espacesverts.fr\/index.php\/elagage-taille\/\">\n\t\t\t\t\t\t\t<img decoding=\"async\" src=\"https:\/\/www.ccarre-espacesverts.fr\/wp-content\/uploads\/elementor\/thumbs\/Elagage-Flers-scaled-riw4h9yswuceihr8vi1yvikme0wb0re76u8ewpl3sg.jpeg\" title=\"Elagage Flers\" alt=\"Elagage Flers\" loading=\"lazy\" \/>\t\t\t\t\t\t\t\t<\/a>\n\t\t\t\t\t\t\t\t\t\t\t\t\t\t\t<\/div>\n\t\t\t\t<\/div>\n\t\t\t\t<div class=\"elementor-element elementor-element-8113812 elementor-widget elementor-widget-text-editor\" data-id=\"8113812\" data-element_type=\"widget\" data-e-type=\"widget\" data-widget_type=\"text-editor.default\">\n\t\t\t\t<div class=\"elementor-widget-container\">\n\t\t\t\t\t\t\t\t\t<p><a href=\"https:\/\/www.ccarre-espacesverts.fr\/index.php\/elagage-taille\/\">Travaux d\u2019\u00e9lagage, de taille, d\u2019abattage et de dessouchage r\u00e9alis\u00e9s dans le respect des arbres et des r\u00e8gles de s\u00e9curit\u00e9.<\/a><\/p>\t\t\t\t\t\t\t\t<\/div>\n\t\t\t\t<\/div>\n\t\t\t\t\t<\/div>\n\t\t<\/div>\n\t\t\t\t\t<\/div>\n\t\t<\/section>\n\t\t\t\t<section class=\"elementor-section elementor-top-section elementor-element elementor-element-05b235a elementor-section-boxed elementor-section-height-default elementor-section-height-default\" data-id=\"05b235a\" data-element_type=\"section\" data-e-type=\"section\">\n\t\t\t\t\t\t<div class=\"elementor-container elementor-column-gap-default\">\n\t\t\t\t\t<div class=\"elementor-column elementor-col-100 elementor-top-column elementor-element elementor-element-0bc989d\" data-id=\"0bc989d\" data-element_type=\"column\" data-e-type=\"column\">\n\t\t\t<div class=\"elementor-widget-wrap elementor-element-populated\">\n\t\t\t\t\t\t<div class=\"elementor-element elementor-element-a3a6c0c elementor-widget elementor-widget-heading\" data-id=\"a3a6c0c\" data-element_type=\"widget\" data-e-type=\"widget\" data-widget_type=\"heading.default\">\n\t\t\t\t<div class=\"elementor-widget-container\">\n\t\t\t\t\t<h2 class=\"elementor-heading-title elementor-size-default\">\ud83e\udded Une approche globale de l\u2019am\u00e9nagement ext\u00e9rieur<\/h2>\t\t\t\t<\/div>\n\t\t\t\t<\/div>\n\t\t\t\t<div class=\"elementor-element elementor-element-24dec53 elementor-widget elementor-widget-text-editor\" data-id=\"24dec53\" data-element_type=\"widget\" data-e-type=\"widget\" data-widget_type=\"text-editor.default\">\n\t\t\t\t<div class=\"elementor-widget-container\">\n\t\t\t\t\t\t\t\t\t<p>Gr\u00e2ce \u00e0 une expertise compl\u00e8te et une connaissance du terrain, <strong data-start=\"2323\" data-end=\"2334\">C Carr\u00e9<\/strong> propose des prestations coh\u00e9rentes et compl\u00e9mentaires.<br data-start=\"2389\" data-end=\"2392\" \/>Chaque service peut \u00eatre r\u00e9alis\u00e9 de mani\u00e8re ind\u00e9pendante ou int\u00e9gr\u00e9 dans un projet global d\u2019am\u00e9nagement ou d\u2019entretien.<\/p>\t\t\t\t\t\t\t\t<\/div>\n\t\t\t\t<\/div>\n\t\t\t\t\t<\/div>\n\t\t<\/div>\n\t\t\t\t\t<\/div>\n\t\t<\/section>\n\t\t\t\t<section class=\"elementor-section elementor-top-section elementor-element elementor-element-d6f85d4 elementor-section-boxed elementor-section-height-default elementor-section-height-default\" data-id=\"d6f85d4\" data-element_type=\"section\" data-e-type=\"section\">\n\t\t\t\t\t\t<div class=\"elementor-container elementor-column-gap-default\">\n\t\t\t\t\t<div class=\"elementor-column elementor-col-100 elementor-top-column elementor-element elementor-element-03e8b0d\" data-id=\"03e8b0d\" data-element_type=\"column\" data-e-type=\"column\">\n\t\t\t<div class=\"elementor-widget-wrap elementor-element-populated\">\n\t\t\t\t\t\t<div class=\"elementor-element elementor-element-d5b538a elementor-widget elementor-widget-heading\" data-id=\"d5b538a\" data-element_type=\"widget\" data-e-type=\"widget\" data-widget_type=\"heading.default\">\n\t\t\t\t<div class=\"elementor-widget-container\">\n\t\t\t\t\t<h2 class=\"elementor-heading-title elementor-size-default\">\ud83d\udccd Une entreprise locale \u00e0 votre service<\/h2>\t\t\t\t<\/div>\n\t\t\t\t<\/div>\n\t\t\t\t<div class=\"elementor-element elementor-element-4370e2e elementor-widget elementor-widget-text-editor\" data-id=\"4370e2e\" data-element_type=\"widget\" data-e-type=\"widget\" data-widget_type=\"text-editor.default\">\n\t\t\t\t<div class=\"elementor-widget-container\">\n\t\t\t\t\t\t\t\t\t<p>Bas\u00e9e en Normandie, <strong data-start=\"2599\" data-end=\"2610\">C Carr\u00e9<\/strong> intervient principalement sur les secteurs de <strong data-start=\"2657\" data-end=\"2733\">Flers, Vire, Argentan, Falaise, Caen, Bayeux, Isigny-sur-Mer et Saint-L\u00f4<\/strong>, ainsi que dans les communes environnantes.<\/p>\t\t\t\t\t\t\t\t<\/div>\n\t\t\t\t<\/div>\n\t\t\t\t\t<\/div>\n\t\t<\/div>\n\t\t\t\t\t<\/div>\n\t\t<\/section>\n\t\t\t\t<section class=\"elementor-section elementor-top-section elementor-element elementor-element-86eb2a6 elementor-section-boxed elementor-section-height-default elementor-section-height-default\" data-id=\"86eb2a6\" data-element_type=\"section\" data-e-type=\"section\">\n\t\t\t\t\t\t<div class=\"elementor-container elementor-column-gap-default\">\n\t\t\t\t\t<div class=\"elementor-column elementor-col-100 elementor-top-column elementor-element elementor-element-3ca50cf\" data-id=\"3ca50cf\" data-element_type=\"column\" data-e-type=\"column\">\n\t\t\t<div class=\"elementor-widget-wrap elementor-element-populated\">\n\t\t\t\t\t\t<div class=\"elementor-element elementor-element-c537f7d elementor-widget elementor-widget-heading\" data-id=\"c537f7d\" data-element_type=\"widget\" data-e-type=\"widget\" data-widget_type=\"heading.default\">\n\t\t\t\t<div class=\"elementor-widget-container\">\n\t\t\t\t\t<h2 class=\"elementor-heading-title elementor-size-default\">\ud83d\udcde Un projet ?<\/h2>\t\t\t\t<\/div>\n\t\t\t\t<\/div>\n\t\t\t\t<div class=\"elementor-element elementor-element-bc23046 elementor-widget elementor-widget-text-editor\" data-id=\"bc23046\" data-element_type=\"widget\" data-e-type=\"widget\" data-widget_type=\"text-editor.default\">\n\t\t\t\t<div class=\"elementor-widget-container\">\n\t\t\t\t\t\t\t\t\t<p>Vous souhaitez en savoir plus sur nos services ou obtenir un devis personnalis\u00e9 ?<br data-start=\"2900\" data-end=\"2903\" \/>Contactez <strong data-start=\"2913\" data-end=\"2924\">C Carr\u00e9<\/strong>, votre <strong data-start=\"2932\" data-end=\"2952\">paysagiste local<\/strong>, pour une \u00e9tude gratuite et sans engagement.<\/p>\t\t\t\t\t\t\t\t<\/div>\n\t\t\t\t<\/div>\n\t\t\t\t\t<\/div>\n\t\t<\/div>\n\t\t\t\t\t<\/div>\n\t\t<\/section>\n\t\t\t\t<section class=\"elementor-section elementor-top-section elementor-element elementor-element-b5aac8c elementor-section-boxed elementor-section-height-default elementor-section-height-default\" data-id=\"b5aac8c\" data-element_type=\"section\" data-e-type=\"section\">\n\t\t\t\t\t\t<div class=\"elementor-container elementor-column-gap-default\">\n\t\t\t\t\t<div class=\"elementor-column elementor-col-100 elementor-top-column elementor-element elementor-element-15a0e02\" data-id=\"15a0e02\" data-element_type=\"column\" data-e-type=\"column\">\n\t\t\t<div class=\"elementor-widget-wrap elementor-element-populated\">\n\t\t\t\t\t\t<div class=\"elementor-element elementor-element-60d7814 elementor-align-center elementor-widget elementor-widget-button\" data-id=\"60d7814\" data-element_type=\"widget\" data-e-type=\"widget\" data-widget_type=\"button.default\">\n\t\t\t\t<div class=\"elementor-widget-container\">\n\t\t\t\t\t\t\t\t\t<div class=\"elementor-button-wrapper\">\n\t\t\t\t\t<a class=\"elementor-button elementor-button-link elementor-size-md elementor-animation-grow\" href=\"https:\/\/www.ccarre-espacesverts.fr\/index.php\/contact\/\">\n\t\t\t\t\t\t<span class=\"elementor-button-content-wrapper\">\n\t\t\t\t\t\t\t\t\t<span class=\"elementor-button-text\">Demandez un devis gratuit<\/span>\n\t\t\t\t\t<\/span>\n\t\t\t\t\t<\/a>\n\t\t\t\t<\/div>\n\t\t\t\t\t\t\t\t<\/div>\n\t\t\t\t<\/div>\n\t\t\t\t\t<\/div>\n\t\t<\/div>\n\t\t\t\t\t<\/div>\n\t\t<\/section>\n\t\t\t\t<section class=\"elementor-section elementor-top-section elementor-element elementor-element-572d749 elementor-section-boxed elementor-section-height-default elementor-section-height-default\" data-id=\"572d749\" data-element_type=\"section\" data-e-type=\"section\">\n\t\t\t\t\t\t<div class=\"elementor-container elementor-column-gap-default\">\n\t\t\t\t\t<div class=\"elementor-column elementor-col-100 elementor-top-column elementor-element elementor-element-ae7f797\" data-id=\"ae7f797\" data-element_type=\"column\" data-e-type=\"column\">\n\t\t\t<div class=\"elementor-widget-wrap elementor-element-populated\">\n\t\t\t\t\t\t<div class=\"elementor-element elementor-element-60dc55e elementor-widget elementor-widget-text-editor\" data-id=\"60dc55e\" data-element_type=\"widget\" data-e-type=\"widget\" data-widget_type=\"text-editor.default\">\n\t\t\t\t<div class=\"elementor-widget-container\">\n\t\t\t\t\t\t\t\t\t<p>D\u00e9couvrez aussi nos prestations d\u2019<a href=\"https:\/\/www.ccarre-espacesverts.fr\/index.php\/entretien\/\"><strong>Entretien des espaces verts<\/strong><\/a>, de <a href=\"https:\/\/www.ccarre-espacesverts.fr\/index.php\/creation\/\"><strong>Cr\u00e9ation paysag\u00e8re<\/strong><\/a>, d&rsquo; <strong><a href=\"https:\/\/www.ccarre-espacesverts.fr\/index.php\/allees-amenagements\/\">All\u00e9es &amp; Am\u00e9nagements<\/a>, <a href=\"https:\/\/www.ccarre-espacesverts.fr\/index.php\/clotures-portails\/\">Clotures &amp; Portails <\/a><\/strong>et <strong>d&rsquo;<a href=\"https:\/\/www.ccarre-espacesverts.fr\/index.php\/elagage-taille\/\">\u00c9lagage &amp; Taille raisonn\u00e9e<\/a>.<\/strong><\/p>\t\t\t\t\t\t\t\t<\/div>\n\t\t\t\t<\/div>\n\t\t\t\t\t<\/div>\n\t\t<\/div>\n\t\t\t\t\t<\/div>\n\t\t<\/section>\n\t\t\t\t<\/div>\n\t\t","protected":false},"excerpt":{"rendered":"<p>Nos services C Carr\u00e9, paysagiste en Normandie, propose une gamme compl\u00e8te de services d\u2019am\u00e9nagement ext\u00e9rieur et d\u2019entretien d\u2019espaces verts. Chaque prestation est r\u00e9alis\u00e9e sur mesure, avec une approche professionnelle, fiable et durable. De l\u2019entretien r\u00e9gulier des espaces verts \u00e0 la cr\u00e9ation paysag\u00e8re, en passant par les am\u00e9nagements ext\u00e9rieurs et les travaux sp\u00e9cifiques, nous accompagnons nos [&hellip;]<\/p>\n","protected":false},"author":1,"featured_media":0,"parent":0,"menu_order":0,"comment_status":"closed","ping_status":"closed","template":"","meta":{"om_disable_all_campaigns":false,"_monsterinsights_skip_tracking":false,"_monsterinsights_sitenote_active":false,"_monsterinsights_sitenote_note":"","_monsterinsights_sitenote_category":0,"ocean_post_layout":"","ocean_both_sidebars_style":"","ocean_both_sidebars_content_width":0,"ocean_both_sidebars_sidebars_width":0,"ocean_sidebar":"0","ocean_second_sidebar":"0","ocean_disable_margins":"enable","ocean_add_body_class":"","ocean_shortcode_before_top_bar":"","ocean_shortcode_after_top_bar":"","ocean_shortcode_before_header":"","ocean_shortcode_after_header":"","ocean_has_shortcode":"","ocean_shortcode_after_title":"","ocean_shortcode_before_footer_widgets":"","ocean_shortcode_after_footer_widgets":"","ocean_shortcode_before_footer_bottom":"","ocean_shortcode_after_footer_bottom":"","ocean_display_top_bar":"default","ocean_display_header":"default","ocean_header_style":"","ocean_center_header_left_menu":"0","ocean_custom_header_template":"0","ocean_custom_logo":0,"ocean_custom_retina_logo":0,"ocean_custom_logo_max_width":0,"ocean_custom_logo_tablet_max_width":0,"ocean_custom_logo_mobile_max_width":0,"ocean_custom_logo_max_height":0,"ocean_custom_logo_tablet_max_height":0,"ocean_custom_logo_mobile_max_height":0,"ocean_header_custom_menu":"0","ocean_menu_typo_font_family":"0","ocean_menu_typo_font_subset":"","ocean_menu_typo_font_size":0,"ocean_menu_typo_font_size_tablet":0,"ocean_menu_typo_font_size_mobile":0,"ocean_menu_typo_font_size_unit":"px","ocean_menu_typo_font_weight":"","ocean_menu_typo_font_weight_tablet":"","ocean_menu_typo_font_weight_mobile":"","ocean_menu_typo_transform":"","ocean_menu_typo_transform_tablet":"","ocean_menu_typo_transform_mobile":"","ocean_menu_typo_line_height":0,"ocean_menu_typo_line_height_tablet":0,"ocean_menu_typo_line_height_mobile":0,"ocean_menu_typo_line_height_unit":"","ocean_menu_typo_spacing":0,"ocean_menu_typo_spacing_tablet":0,"ocean_menu_typo_spacing_mobile":0,"ocean_menu_typo_spacing_unit":"","ocean_menu_link_color":"","ocean_menu_link_color_hover":"","ocean_menu_link_color_active":"","ocean_menu_link_background":"","ocean_menu_link_hover_background":"","ocean_menu_link_active_background":"","ocean_menu_social_links_bg":"","ocean_menu_social_hover_links_bg":"","ocean_menu_social_links_color":"","ocean_menu_social_hover_links_color":"","ocean_disable_title":"on","ocean_disable_heading":"default","ocean_post_title":"","ocean_post_subheading":"","ocean_post_title_style":"","ocean_post_title_background_color":"","ocean_post_title_background":0,"ocean_post_title_bg_image_position":"","ocean_post_title_bg_image_attachment":"","ocean_post_title_bg_image_repeat":"","ocean_post_title_bg_image_size":"","ocean_post_title_height":0,"ocean_post_title_bg_overlay":0.5,"ocean_post_title_bg_overlay_color":"","ocean_disable_breadcrumbs":"default","ocean_breadcrumbs_color":"","ocean_breadcrumbs_separator_color":"","ocean_breadcrumbs_links_color":"","ocean_breadcrumbs_links_hover_color":"","ocean_display_footer_widgets":"default","ocean_display_footer_bottom":"default","ocean_custom_footer_template":"0","footnotes":""},"class_list":["post-10","page","type-page","status-publish","hentry","entry"],"yoast_head":"<!-- This site is optimized with the Yoast SEO plugin v27.3 - https:\/\/yoast.com\/product\/yoast-seo-wordpress\/ -->\n<title>Nos Services - C CARRE<\/title>\n<meta name=\"robots\" content=\"index, follow, max-snippet:-1, max-image-preview:large, max-video-preview:-1\" \/>\n<link rel=\"canonical\" href=\"https:\/\/www.ccarre-espacesverts.fr\/index.php\/nos-services\/\" \/>\n<meta property=\"og:locale\" content=\"fr_FR\" \/>\n<meta property=\"og:type\" content=\"article\" \/>\n<meta property=\"og:title\" content=\"Nos Services - C CARRE\" \/>\n<meta property=\"og:description\" content=\"Nos services C Carr\u00e9, paysagiste en Normandie, propose une gamme compl\u00e8te de services d\u2019am\u00e9nagement ext\u00e9rieur et d\u2019entretien d\u2019espaces verts. Chaque prestation est r\u00e9alis\u00e9e sur mesure, avec une approche professionnelle, fiable et durable. De l\u2019entretien r\u00e9gulier des espaces verts \u00e0 la cr\u00e9ation paysag\u00e8re, en passant par les am\u00e9nagements ext\u00e9rieurs et les travaux sp\u00e9cifiques, nous accompagnons nos [&hellip;]\" \/>\n<meta property=\"og:url\" content=\"https:\/\/www.ccarre-espacesverts.fr\/index.php\/nos-services\/\" \/>\n<meta property=\"og:site_name\" content=\"C CARRE\" \/>\n<meta property=\"article:modified_time\" content=\"2026-02-09T12:38:39+00:00\" \/>\n<meta property=\"og:image\" content=\"https:\/\/www.ccarre-espacesverts.fr\/wp-content\/uploads\/elementor\/thumbs\/tracteur-riwfd8nytqwvwoeo2xhcmlsc2cygszgp2vpjakf14g.jpg\" \/>\n<meta name=\"twitter:card\" content=\"summary_large_image\" \/>\n<meta name=\"twitter:label1\" content=\"Dur\u00e9e de lecture estim\u00e9e\" \/>\n\t<meta name=\"twitter:data1\" content=\"5 minutes\" \/>\n<script type=\"application\/ld+json\" class=\"yoast-schema-graph\">{\"@context\":\"https:\\\/\\\/schema.org\",\"@graph\":[{\"@type\":\"WebPage\",\"@id\":\"https:\\\/\\\/www.ccarre-espacesverts.fr\\\/index.php\\\/nos-services\\\/\",\"url\":\"https:\\\/\\\/www.ccarre-espacesverts.fr\\\/index.php\\\/nos-services\\\/\",\"name\":\"Nos Services - C CARRE\",\"isPartOf\":{\"@id\":\"https:\\\/\\\/www.ccarre-espacesverts.fr\\\/#website\"},\"primaryImageOfPage\":{\"@id\":\"https:\\\/\\\/www.ccarre-espacesverts.fr\\\/index.php\\\/nos-services\\\/#primaryimage\"},\"image\":{\"@id\":\"https:\\\/\\\/www.ccarre-espacesverts.fr\\\/index.php\\\/nos-services\\\/#primaryimage\"},\"thumbnailUrl\":\"https:\\\/\\\/www.ccarre-espacesverts.fr\\\/wp-content\\\/uploads\\\/elementor\\\/thumbs\\\/tracteur-riwfd8nytqwvwoeo2xhcmlsc2cygszgp2vpjakf14g.jpg\",\"datePublished\":\"2022-11-21T14:35:47+00:00\",\"dateModified\":\"2026-02-09T12:38:39+00:00\",\"breadcrumb\":{\"@id\":\"https:\\\/\\\/www.ccarre-espacesverts.fr\\\/index.php\\\/nos-services\\\/#breadcrumb\"},\"inLanguage\":\"fr-FR\",\"potentialAction\":[{\"@type\":\"ReadAction\",\"target\":[\"https:\\\/\\\/www.ccarre-espacesverts.fr\\\/index.php\\\/nos-services\\\/\"]}]},{\"@type\":\"ImageObject\",\"inLanguage\":\"fr-FR\",\"@id\":\"https:\\\/\\\/www.ccarre-espacesverts.fr\\\/index.php\\\/nos-services\\\/#primaryimage\",\"url\":\"https:\\\/\\\/www.ccarre-espacesverts.fr\\\/wp-content\\\/uploads\\\/elementor\\\/thumbs\\\/tracteur-riwfd8nytqwvwoeo2xhcmlsc2cygszgp2vpjakf14g.jpg\",\"contentUrl\":\"https:\\\/\\\/www.ccarre-espacesverts.fr\\\/wp-content\\\/uploads\\\/elementor\\\/thumbs\\\/tracteur-riwfd8nytqwvwoeo2xhcmlsc2cygszgp2vpjakf14g.jpg\"},{\"@type\":\"BreadcrumbList\",\"@id\":\"https:\\\/\\\/www.ccarre-espacesverts.fr\\\/index.php\\\/nos-services\\\/#breadcrumb\",\"itemListElement\":[{\"@type\":\"ListItem\",\"position\":1,\"name\":\"Accueil\",\"item\":\"https:\\\/\\\/www.ccarre-espacesverts.fr\\\/\"},{\"@type\":\"ListItem\",\"position\":2,\"name\":\"Nos Services\"}]},{\"@type\":\"WebSite\",\"@id\":\"https:\\\/\\\/www.ccarre-espacesverts.fr\\\/#website\",\"url\":\"https:\\\/\\\/www.ccarre-espacesverts.fr\\\/\",\"name\":\"C CARRE\",\"description\":\"Entretien d&#039;espace vert et de jardin\",\"publisher\":{\"@id\":\"https:\\\/\\\/www.ccarre-espacesverts.fr\\\/#organization\"},\"potentialAction\":[{\"@type\":\"SearchAction\",\"target\":{\"@type\":\"EntryPoint\",\"urlTemplate\":\"https:\\\/\\\/www.ccarre-espacesverts.fr\\\/?s={search_term_string}\"},\"query-input\":{\"@type\":\"PropertyValueSpecification\",\"valueRequired\":true,\"valueName\":\"search_term_string\"}}],\"inLanguage\":\"fr-FR\"},{\"@type\":\"Organization\",\"@id\":\"https:\\\/\\\/www.ccarre-espacesverts.fr\\\/#organization\",\"name\":\"C CARRE\",\"url\":\"https:\\\/\\\/www.ccarre-espacesverts.fr\\\/\",\"logo\":{\"@type\":\"ImageObject\",\"inLanguage\":\"fr-FR\",\"@id\":\"https:\\\/\\\/www.ccarre-espacesverts.fr\\\/#\\\/schema\\\/logo\\\/image\\\/\",\"url\":\"https:\\\/\\\/www.ccarre-espacesverts.fr\\\/wp-content\\\/uploads\\\/2022\\\/11\\\/cropped-feuille.jpg\",\"contentUrl\":\"https:\\\/\\\/www.ccarre-espacesverts.fr\\\/wp-content\\\/uploads\\\/2022\\\/11\\\/cropped-feuille.jpg\",\"width\":924,\"height\":938,\"caption\":\"C CARRE\"},\"image\":{\"@id\":\"https:\\\/\\\/www.ccarre-espacesverts.fr\\\/#\\\/schema\\\/logo\\\/image\\\/\"}}]}<\/script>\n<!-- \/ Yoast SEO plugin. -->","yoast_head_json":{"title":"Nos Services - C CARRE","robots":{"index":"index","follow":"follow","max-snippet":"max-snippet:-1","max-image-preview":"max-image-preview:large","max-video-preview":"max-video-preview:-1"},"canonical":"https:\/\/www.ccarre-espacesverts.fr\/index.php\/nos-services\/","og_locale":"fr_FR","og_type":"article","og_title":"Nos Services - C CARRE","og_description":"Nos services C Carr\u00e9, paysagiste en Normandie, propose une gamme compl\u00e8te de services d\u2019am\u00e9nagement ext\u00e9rieur et d\u2019entretien d\u2019espaces verts. Chaque prestation est r\u00e9alis\u00e9e sur mesure, avec une approche professionnelle, fiable et durable. De l\u2019entretien r\u00e9gulier des espaces verts \u00e0 la cr\u00e9ation paysag\u00e8re, en passant par les am\u00e9nagements ext\u00e9rieurs et les travaux sp\u00e9cifiques, nous accompagnons nos [&hellip;]","og_url":"https:\/\/www.ccarre-espacesverts.fr\/index.php\/nos-services\/","og_site_name":"C CARRE","article_modified_time":"2026-02-09T12:38:39+00:00","og_image":[{"url":"https:\/\/www.ccarre-espacesverts.fr\/wp-content\/uploads\/elementor\/thumbs\/tracteur-riwfd8nytqwvwoeo2xhcmlsc2cygszgp2vpjakf14g.jpg","type":"","width":"","height":""}],"twitter_card":"summary_large_image","twitter_misc":{"Dur\u00e9e de lecture estim\u00e9e":"5 minutes"},"schema":{"@context":"https:\/\/schema.org","@graph":[{"@type":"WebPage","@id":"https:\/\/www.ccarre-espacesverts.fr\/index.php\/nos-services\/","url":"https:\/\/www.ccarre-espacesverts.fr\/index.php\/nos-services\/","name":"Nos Services - C CARRE","isPartOf":{"@id":"https:\/\/www.ccarre-espacesverts.fr\/#website"},"primaryImageOfPage":{"@id":"https:\/\/www.ccarre-espacesverts.fr\/index.php\/nos-services\/#primaryimage"},"image":{"@id":"https:\/\/www.ccarre-espacesverts.fr\/index.php\/nos-services\/#primaryimage"},"thumbnailUrl":"https:\/\/www.ccarre-espacesverts.fr\/wp-content\/uploads\/elementor\/thumbs\/tracteur-riwfd8nytqwvwoeo2xhcmlsc2cygszgp2vpjakf14g.jpg","datePublished":"2022-11-21T14:35:47+00:00","dateModified":"2026-02-09T12:38:39+00:00","breadcrumb":{"@id":"https:\/\/www.ccarre-espacesverts.fr\/index.php\/nos-services\/#breadcrumb"},"inLanguage":"fr-FR","potentialAction":[{"@type":"ReadAction","target":["https:\/\/www.ccarre-espacesverts.fr\/index.php\/nos-services\/"]}]},{"@type":"ImageObject","inLanguage":"fr-FR","@id":"https:\/\/www.ccarre-espacesverts.fr\/index.php\/nos-services\/#primaryimage","url":"https:\/\/www.ccarre-espacesverts.fr\/wp-content\/uploads\/elementor\/thumbs\/tracteur-riwfd8nytqwvwoeo2xhcmlsc2cygszgp2vpjakf14g.jpg","contentUrl":"https:\/\/www.ccarre-espacesverts.fr\/wp-content\/uploads\/elementor\/thumbs\/tracteur-riwfd8nytqwvwoeo2xhcmlsc2cygszgp2vpjakf14g.jpg"},{"@type":"BreadcrumbList","@id":"https:\/\/www.ccarre-espacesverts.fr\/index.php\/nos-services\/#breadcrumb","itemListElement":[{"@type":"ListItem","position":1,"name":"Accueil","item":"https:\/\/www.ccarre-espacesverts.fr\/"},{"@type":"ListItem","position":2,"name":"Nos Services"}]},{"@type":"WebSite","@id":"https:\/\/www.ccarre-espacesverts.fr\/#website","url":"https:\/\/www.ccarre-espacesverts.fr\/","name":"C CARRE","description":"Entretien d&#039;espace vert et de jardin","publisher":{"@id":"https:\/\/www.ccarre-espacesverts.fr\/#organization"},"potentialAction":[{"@type":"SearchAction","target":{"@type":"EntryPoint","urlTemplate":"https:\/\/www.ccarre-espacesverts.fr\/?s={search_term_string}"},"query-input":{"@type":"PropertyValueSpecification","valueRequired":true,"valueName":"search_term_string"}}],"inLanguage":"fr-FR"},{"@type":"Organization","@id":"https:\/\/www.ccarre-espacesverts.fr\/#organization","name":"C CARRE","url":"https:\/\/www.ccarre-espacesverts.fr\/","logo":{"@type":"ImageObject","inLanguage":"fr-FR","@id":"https:\/\/www.ccarre-espacesverts.fr\/#\/schema\/logo\/image\/","url":"https:\/\/www.ccarre-espacesverts.fr\/wp-content\/uploads\/2022\/11\/cropped-feuille.jpg","contentUrl":"https:\/\/www.ccarre-espacesverts.fr\/wp-content\/uploads\/2022\/11\/cropped-feuille.jpg","width":924,"height":938,"caption":"C CARRE"},"image":{"@id":"https:\/\/www.ccarre-espacesverts.fr\/#\/schema\/logo\/image\/"}}]}},"_links":{"self":[{"href":"https:\/\/www.ccarre-espacesverts.fr\/index.php\/wp-json\/wp\/v2\/pages\/10","targetHints":{"allow":["GET"]}}],"collection":[{"href":"https:\/\/www.ccarre-espacesverts.fr\/index.php\/wp-json\/wp\/v2\/pages"}],"about":[{"href":"https:\/\/www.ccarre-espacesverts.fr\/index.php\/wp-json\/wp\/v2\/types\/page"}],"author":[{"embeddable":true,"href":"https:\/\/www.ccarre-espacesverts.fr\/index.php\/wp-json\/wp\/v2\/users\/1"}],"replies":[{"embeddable":true,"href":"https:\/\/www.ccarre-espacesverts.fr\/index.php\/wp-json\/wp\/v2\/comments?post=10"}],"version-history":[{"count":94,"href":"https:\/\/www.ccarre-espacesverts.fr\/index.php\/wp-json\/wp\/v2\/pages\/10\/revisions"}],"predecessor-version":[{"id":1415,"href":"https:\/\/www.ccarre-espacesverts.fr\/index.php\/wp-json\/wp\/v2\/pages\/10\/revisions\/1415"}],"wp:attachment":[{"href":"https:\/\/www.ccarre-espacesverts.fr\/index.php\/wp-json\/wp\/v2\/media?parent=10"}],"curies":[{"name":"wp","href":"https:\/\/api.w.org\/{rel}","templated":true}]}}